{"id":598,"date":"2023-10-13T20:12:14","date_gmt":"2023-10-13T20:12:14","guid":{"rendered":"https:\/\/ipasasr.org\/ce-que-nous-faisons\/"},"modified":"2024-08-07T16:23:29","modified_gmt":"2024-08-07T16:23:29","slug":"ce-que-nous-faisons","status":"publish","type":"page","link":"https:\/\/ipasasr.org\/fr\/ce-que-nous-faisons\/","title":{"rendered":"Ce que nous faisons"},"content":{"rendered":"<p>[et_pb_section fb_built=\u00a0\u00bb1&Prime; module_id=\u00a0\u00bbsyst\u00e8me de sant\u00e9\u00a0\u00bb _builder_version=\u00a0\u00bb4.21.0&Prime; background_enable_image=\u00a0\u00bboff\u00a0\u00bb global_colors_info=\u00a0\u00bb{}\u00a0\u00bb theme_builder_area=\u00a0\u00bbpost_content\u00a0\u00bb][et_pb_row _builder_version=\u00a0\u00bb4.16&Prime; global_colors_info=\u00a0\u00bb{}\u00a0\u00bb theme_builder_area=\u00a0\u00bbpost_content\u00a0\u00bb][et_pb_column type=\u00a0\u00bb4_4&Prime; _builder_version=\u00a0\u00bb4.16&Prime; global_colors_info=\u00a0\u00bb{}\u00a0\u00bb theme_builder_area=\u00a0\u00bbpost_content\u00a0\u00bb][et_pb_text _builder_version=\u00a0\u00bb4.21.0&Prime; text_line_height=\u00a0\u00bb1.4em\u00a0\u00bb header_text_color=\u00a0\u00bb#F47B20&Prime; header_2_font=\u00a0\u00bb|800|||||||\u00a0\u00bb header_2_text_color=\u00a0\u00bb#F15A29&Prime; header_2_font_size=\u00a0\u00bb24px\u00a0\u00bb global_colors_info=\u00a0\u00bb{}\u00a0\u00bb theme_builder_area=\u00a0\u00bbpost_content\u00a0\u00bb]<\/p>\n<h2><b>Am\u00e9liorer les voies d&rsquo;acc\u00e8s aux soins en mati\u00e8re d&rsquo;avortement<\/b><\/h2>\n<p>[\/et_pb_text][\/et_pb_column][\/et_pb_row][et_pb_row column_structure=\u00a0\u00bb3_5,2_5&Prime; _builder_version=\u00a0\u00bb4.27.0&Prime; _module_preset=\u00a0\u00bbdefault\u00a0\u00bb custom_margin=\u00a0\u00bb0px||||false|false\u00a0\u00bb custom_padding=\u00a0\u00bb0px||||false|false\u00a0\u00bb hover_enabled=\u00a0\u00bb0&Prime; global_colors_info=\u00a0\u00bb{}\u00a0\u00bb theme_builder_area=\u00a0\u00bbpost_content\u00a0\u00bb sticky_enabled=\u00a0\u00bb0&Prime;][et_pb_column type=\u00a0\u00bb3_5&Prime; _builder_version=\u00a0\u00bb4.21.0&Prime; _module_preset=\u00a0\u00bbdefault\u00a0\u00bb global_colors_info=\u00a0\u00bb{}\u00a0\u00bb theme_builder_area=\u00a0\u00bbpost_content\u00a0\u00bb][et_pb_text _builder_version=\u00a0\u00bb4.27.0&Prime; _module_preset=\u00a0\u00bbdefault\u00a0\u00bb text_line_height=\u00a0\u00bb1.5em\u00a0\u00bb global_colors_info=\u00a0\u00bb{}\u00a0\u00bb theme_builder_area=\u00a0\u00bbpost_content\u00a0\u00bb]<\/p>\n<p><span data-contrast=\"none\">Les femmes, les jeunes filles et toutes les personnes susceptibles de tomber enceintes ont droit \u00e0 des soins de qualit\u00e9 en mati\u00e8re d&rsquo;avortement.<br \/>\nIpas s&rsquo;associe aux gouvernements nationaux pour former les prestataires de soins de sant\u00e9 \u00e0 des soins d&rsquo;avortement centr\u00e9s sur la femme, y compris la contraception post-avortement, et pour clarifier leurs valeurs concernant l&rsquo;offre d&rsquo;avortement.<br \/>\nAu-del\u00e0 de notre travail avec les prestataires, nous \u00e9quipons les \u00e9tablissements, renfor\u00e7ons la cha\u00eene d&rsquo;approvisionnement en produits d&rsquo;avortement et de contraception et am\u00e9liorons la collecte et l&rsquo;analyse des donn\u00e9es.<br \/>\nDans tous les pays o\u00f9 nous intervenons, nous sommes consid\u00e9r\u00e9s comme un partenaire pr\u00e9cieux dans le domaine des droits de l&rsquo;homme et de la sant\u00e9 sexuelle et reproductive.   <\/span><span data-ccp-props=\"{\"201341983\":0,\"335551550\":6,\"335551620\":6,\"335559685\":22,\"335559737\":64,\"335559739\":202,\"335559740\":270,\"335559991\":9}\"> <\/span><\/p>\n<p><span data-contrast=\"none\">En tant qu&rsquo;Ipas Afrique R\u00e9gion Sud, nous diversifions notre approche de la SDSR, en int\u00e9grant la justice climatique, l&rsquo;\u00e9cosyst\u00e8me de l&rsquo;avortement durable, les plateformes num\u00e9riques en mati\u00e8re de SDSR ainsi que le renforcement des capacit\u00e9s des diff\u00e9rentes parties prenantes.<\/span><span data-ccp-props=\"{\"201341983\":0,\"335551550\":6,\"335551620\":6,\"335559685\":22,\"335559737\":64,\"335559739\":202,\"335559740\":270,\"335559991\":9}\"> <\/span><\/p>\n<p><span data-contrast=\"none\">Ipas collabore \u00e9galement avec les gouvernements pour \u00e9laborer et mettre en \u0153uvre des politiques en mati\u00e8re d&rsquo;avortement et de contraception sans risque.  <\/span><\/p>\n<p><span data-contrast=\"none\">Dans le monde entier, des millions de femmes et de jeunes filles choisissent d&rsquo;avoir acc\u00e8s \u00e0 des m\u00e9dicaments abortifs en dehors du syst\u00e8me de sant\u00e9 officiel et de g\u00e9rer elles-m\u00eames leur avortement.<br \/>\nL&rsquo;OMS reconna\u00eet que l&rsquo;auto-prise en charge de l&rsquo;avortement est s\u00fbre et efficace lorsque les femmes et les jeunes filles peuvent estimer l&rsquo;\u00e2ge gestationnel, disposent d&rsquo;informations pr\u00e9cises et peuvent acc\u00e9der \u00e0 des soins de suivi si n\u00e9cessaire.<br \/>\nIpas soutient cette voie dans le cadre d&rsquo;un \u00e9cosyst\u00e8me durable de l&rsquo;avortement.  <\/span><\/p>\n<p>[\/et_pb_text][et_pb_image src=\u00a0\u00bbhttps:\/\/ipasasr.org\/wp-content\/uploads\/2024\/08\/Picture1.jpg\u00a0\u00bb alt=\u00a0\u00bbLes ouvriers d&#039;Ipas regardent la tablette.\u00a0\u00bb title_text=\u00a0\u00bbImage1&Prime; _builder_version=\u00a0\u00bb4.27.0&Prime; _module_preset=\u00a0\u00bbdefault\u00a0\u00bb global_colors_info=\u00a0\u00bb{}\u00a0\u00bb theme_builder_area=\u00a0\u00bbpost_content\u00a0\u00bb][\/et_pb_image][\/et_pb_column][et_pb_column type=\u00a0\u00bb2_5&Prime; _builder_version=\u00a0\u00bb4.27.0&Prime; _module_preset=\u00a0\u00bbdefault\u00a0\u00bb background_color=\u00a0\u00bb#e2e2e2&Prime; custom_padding=\u00a0\u00bb40px||40px||false|false\u00a0\u00bb global_colors_info=\u00a0\u00bb{}\u00a0\u00bb theme_builder_area=\u00a0\u00bbpost_content\u00a0\u00bb][et_pb_text _builder_version=\u00a0\u00bb4.27.0&Prime; _module_preset=\u00a0\u00bbdefault\u00a0\u00bb text_font_size=\u00a0\u00bb16px\u00a0\u00bb custom_padding=\u00a0\u00bb|20px||20px|false|false\u00a0\u00bb hover_enabled=\u00a0\u00bb0&Prime; global_colors_info=\u00a0\u00bb{}\u00a0\u00bb theme_builder_area=\u00a0\u00bbpost_content\u00a0\u00bb link_option_url=\u00a0\u00bb@ET-DC@eyJkeW5hbWljIjp0cnVlLCJjb250ZW50IjoicG9zdF9saW5rX3VybF9wYWdlIiwic2V0dGluZ3MiOnsicG9zdF9pZCI6IjMyNCIsImVuYWJsZV9odG1sIjoib2ZmIn19@\u00a0\u00bb _dynamic_attributes=\u00a0\u00bblink_option_url\u00a0\u00bb sticky_enabled=\u00a0\u00bb0&Prime;]<\/p>\n<h2>Malawi<\/h2>\n<p><span data-contrast=\"none\">  Au Malawi, Ipas a aid\u00e9 le minist\u00e8re de la sant\u00e9 \u00e0 finaliser les normes et les directives pour les soins post-avortement.<br \/>\nLes nouvelles normes et lignes directrices d\u00e9crivent les comp\u00e9tences n\u00e9cessaires et les cadres autoris\u00e9s \u00e0 fournir des soins, conform\u00e9ment aux normes et lignes directrices de l&rsquo;OMS 2022 pour guider la fourniture de soins complets en cas d&rsquo;avortement aux femmes et aux adolescentes.<br \/>\nLe CAC    <\/span><span data-contrast=\"none\">(Comprehensive Abortion Care) ont \u00e9t\u00e9 soumis au minist\u00e8re de la sant\u00e9 pour examen.<\/span><span data-ccp-props=\"{\"201341983\":0,\"335551550\":6,\"335551620\":6,\"335559685\":22,\"335559737\":1,\"335559739\":202,\"335559740\":270,\"335559991\":9}\"> <\/span><\/p>\n<p>[\/et_pb_text][et_pb_text _builder_version=\u00a0\u00bb4.27.0&Prime; _module_preset=\u00a0\u00bbdefault\u00a0\u00bb text_font_size=\u00a0\u00bb16px\u00a0\u00bb custom_padding=\u00a0\u00bb|20px||20px|false|false\u00a0\u00bb hover_enabled=\u00a0\u00bb0&Prime; global_colors_info=\u00a0\u00bb{}\u00a0\u00bb theme_builder_area=\u00a0\u00bbpost_content\u00a0\u00bb link_option_url=\u00a0\u00bb@ET-DC@eyJkeW5hbWljIjp0cnVlLCJjb250ZW50IjoicG9zdF9saW5rX3VybF9wYWdlIiwic2V0dGluZ3MiOnsicG9zdF9pZCI6IjMyMiIsImVuYWJsZV9odG1sIjoib2ZmIn19@\u00a0\u00bb _dynamic_attributes=\u00a0\u00bblink_option_url\u00a0\u00bb sticky_enabled=\u00a0\u00bb0&Prime;]<\/p>\n<h2>Afrique du Sud<\/h2>\n<p>En Afrique du Sud, Ipas a sign\u00e9 un protocole d&rsquo;accord de cinq ans avec le minist\u00e8re national de la sant\u00e9 (NDoH) afin de soutenir les priorit\u00e9s du minist\u00e8re en mati\u00e8re d&rsquo;am\u00e9lioration de l&rsquo;acc\u00e8s \u00e0 des services d&rsquo;avortement s\u00fbrs et de qualit\u00e9, en formant des m\u00e9decins, des sages-femmes et des infirmi\u00e8res.<\/p>\n<p>Ipas travaille \u00e9galement en partenariat avec le NDoH pour identifier les obstacles qui emp\u00eachent les femmes d&rsquo;acc\u00e9der \u00e0 l&rsquo;avortement m\u00e9dicalis\u00e9, aux contraceptifs et \u00e0 d&rsquo;autres services de sant\u00e9 sexuelle et reproductive, en proc\u00e9dant \u00e0 une clarification des valeurs pour l&rsquo;action et la transformation (VCAT) afin de r\u00e9duire la stigmatisation.<br \/>\nIpas est \u00e9galement l&rsquo;un des partenaires du groupe de travail technique qui soutient l&rsquo;adaptation des directives de l&rsquo;OMS sur l&rsquo;avortement m\u00e9dicalis\u00e9 de 2022 aux directives cliniques nationales pour la mise en \u0153uvre de la loi sur le choix de l&rsquo;interruption de grossesse (CTOPA). <\/p>\n<p>[\/et_pb_text][et_pb_text _builder_version=\u00a0\u00bb4.27.0&Prime; _module_preset=\u00a0\u00bbdefault\u00a0\u00bb text_font_size=\u00a0\u00bb16px\u00a0\u00bb custom_padding=\u00a0\u00bb|20px||20px|false|false\u00a0\u00bb hover_enabled=\u00a0\u00bb0&Prime; global_colors_info=\u00a0\u00bb{}\u00a0\u00bb theme_builder_area=\u00a0\u00bbpost_content\u00a0\u00bb link_option_url=\u00a0\u00bb@ET-DC@eyJkeW5hbWljIjp0cnVlLCJjb250ZW50IjoicG9zdF9saW5rX3VybF9wYWdlIiwic2V0dGluZ3MiOnsicG9zdF9pZCI6IjM0NCIsImVuYWJsZV9odG1sIjoib2ZmIn19@\u00a0\u00bb _dynamic_attributes=\u00a0\u00bblink_option_url\u00a0\u00bb sticky_enabled=\u00a0\u00bb0&Prime;]<\/p>\n<h2>Zambie<\/h2>\n<p><span data-contrast=\"none\">En Zambie, nous informons les pharmaciens priv\u00e9s sur le cadre juridique de l&rsquo;avortement et sur l&rsquo;importance de fournir des conseils corrects et complets sur l&rsquo;utilisation des m\u00e9dicaments abortifs.<\/span><span data-ccp-props=\"{\"201341983\":0,\"335551550\":6,\"335551620\":6,\"335559685\":22,\"335559737\":1,\"335559739\":311,\"335559740\":270,\"335559991\":9}\"> <\/span><\/p>\n<p>[\/et_pb_text][\/et_pb_column][\/et_pb_row][\/et_pb_section][et_pb_section fb_built=\u00a0\u00bb1&Prime; module_id=\u00a0\u00bbsensibilisation de la communaut\u00e9\u00a0\u00bb _builder_version=\u00a0\u00bb4.21.0&Prime; background_color=\u00a0\u00bb#D6D6D6&Prime; background_enable_image=\u00a0\u00bboff\u00a0\u00bb global_colors_info=\u00a0\u00bb{}\u00a0\u00bb theme_builder_area=\u00a0\u00bbpost_content\u00a0\u00bb][et_pb_row _builder_version=\u00a0\u00bb4.16&Prime; global_colors_info=\u00a0\u00bb{}\u00a0\u00bb theme_builder_area=\u00a0\u00bbpost_content\u00a0\u00bb][et_pb_column type=\u00a0\u00bb4_4&Prime; _builder_version=\u00a0\u00bb4.16&Prime; global_colors_info=\u00a0\u00bb{}\u00a0\u00bb theme_builder_area=\u00a0\u00bbpost_content\u00a0\u00bb][et_pb_text _builder_version=\u00a0\u00bb4.27.0&Prime; text_line_height=\u00a0\u00bb1.4em\u00a0\u00bb header_text_color=\u00a0\u00bb#F47B20&Prime; header_2_font=\u00a0\u00bb|800|||||||\u00a0\u00bb header_2_text_color=\u00a0\u00bb#F15A29&Prime; header_2_font_size=\u00a0\u00bb24px\u00a0\u00bb global_colors_info=\u00a0\u00bb{}\u00a0\u00bb theme_builder_area=\u00a0\u00bbpost_content\u00a0\u00bb]<\/p>\n<h2><span data-contrast=\"none\" class=\"TextRun SCXW41899152 BCX0\"><span class=\"NormalTextRun SCXW41899152 BCX0\" data-ccp-parastyle=\"heading 2\">Engager les communaut\u00e9s<\/span><\/span><span class=\"EOP SCXW41899152 BCX0\" data-ccp-props=\"{\"134245418\":true,\"134245529\":true,\"201341983\":0,\"335551550\":6,\"335551620\":6,\"335559685\":22,\"335559737\":61,\"335559738\":160,\"335559739\":80,\"335559740\":270,\"335559991\":9}\"> <\/span><\/h2>\n<p>[\/et_pb_text][\/et_pb_column][\/et_pb_row][et_pb_row column_structure=\u00a0\u00bb3_5,2_5&Prime; make_equal=\u00a0\u00bbon\u00a0\u00bb _builder_version=\u00a0\u00bb4.27.0&Prime; _module_preset=\u00a0\u00bbdefault\u00a0\u00bb custom_margin=\u00a0\u00bb0px||||false|false\u00a0\u00bb custom_padding=\u00a0\u00bb0px||||false|false\u00a0\u00bb global_colors_info=\u00a0\u00bb{}\u00a0\u00bb theme_builder_area=\u00a0\u00bbpost_content\u00a0\u00bb][et_pb_column type=\u00a0\u00bb3_5&Prime; _builder_version=\u00a0\u00bb4.21.0&Prime; _module_preset=\u00a0\u00bbdefault\u00a0\u00bb global_colors_info=\u00a0\u00bb{}\u00a0\u00bb theme_builder_area=\u00a0\u00bbpost_content\u00a0\u00bb][et_pb_text _builder_version=\u00a0\u00bb4.27.0&Prime; _module_preset=\u00a0\u00bbdefault\u00a0\u00bb text_line_height=\u00a0\u00bb1.4em\u00a0\u00bb global_colors_info=\u00a0\u00bb{}\u00a0\u00bb theme_builder_area=\u00a0\u00bbpost_content\u00a0\u00bb]<\/p>\n<p><span data-contrast=\"none\">Ipas collabore avec les communaut\u00e9s pour renforcer les normes sociales qui soutiennent le droit des individus \u00e0 prendre des d\u00e9cisions en mati\u00e8re de procr\u00e9ation, sans stigmatisation ni discrimination.<br \/>\nNos \u00e9quipes \u00e9tablissent des relations avec les acteurs communautaires, les aident \u00e0 explorer et \u00e0 clarifier leurs valeurs en mati\u00e8re d&rsquo;avortement et accordent des subventions pour un large \u00e9ventail d&rsquo;activit\u00e9s de sensibilisation des communaut\u00e9s et de r\u00e9duction de la stigmatisation. <\/span><span data-ccp-props=\"{\"201341983\":0,\"335551550\":6,\"335551620\":6,\"335559685\":22,\"335559737\":1,\"335559739\":248,\"335559740\":270,\"335559991\":9}\"> <\/span><\/p>\n<p><span data-contrast=\"none\">Ipas Africa Southern Region travaille en partenariat avec les comit\u00e9s de sant\u00e9 de quartier, les groupes d&rsquo;action pour une maternit\u00e9 sans risque, les communaut\u00e9s et les organisations de la soci\u00e9t\u00e9 civile.  <\/span><span data-contrast=\"none\">Assistants de sant\u00e9.<br \/>\net les pairs du coin des amis des jeunes.<br \/>\nCes partenariats renforcent les voies d&rsquo;orientation qui relient les femmes et les jeunes filles aux \u00e9tablissements et services de sant\u00e9.<br \/>\nNous aidons nos partenaires communautaires \u00e0 mener des campagnes de sensibilisation, des dialogues communautaires, des campagnes de porte-\u00e0-porte et des \u00e9missions de radio locales, qui remettent en question la stigmatisation de l&rsquo;avortement, suscitent des conversations sur les droits sexuels et g\u00e9n\u00e9siques et promeuvent les services d&rsquo;avortement disponibles au niveau local.     <\/span><span data-ccp-props=\"{\"201341983\":0,\"335551550\":6,\"335551620\":6,\"335559685\":22,\"335559737\":64,\"335559739\":202,\"335559740\":270,\"335559991\":9}\"> <\/span><\/p>\n<p>[\/et_pb_text][\/et_pb_column][et_pb_column type=\u00a0\u00bb2_5&Prime; _builder_version=\u00a0\u00bb4.27.0&Prime; _module_preset=\u00a0\u00bbdefault\u00a0\u00bb background_color=\u00a0\u00bb#FFFFFF\u00a0\u00bb custom_padding=\u00a0\u00bb40px|20px|40px|20px|false|false\u00a0\u00bb global_colors_info=\u00a0\u00bb{}\u00a0\u00bb theme_builder_area=\u00a0\u00bbpost_content\u00a0\u00bb][et_pb_text _builder_version=\u00a0\u00bb4.27.0&Prime; _module_preset=\u00a0\u00bbdefault\u00a0\u00bb text_font_size=\u00a0\u00bb16px\u00a0\u00bb custom_padding=\u00a0\u00bb|20px||20px|false|false\u00a0\u00bb hover_enabled=\u00a0\u00bb0&Prime; global_colors_info=\u00a0\u00bb{}\u00a0\u00bb theme_builder_area=\u00a0\u00bbpost_content\u00a0\u00bb link_option_url=\u00a0\u00bb@ET-DC@eyJkeW5hbWljIjp0cnVlLCJjb250ZW50IjoicG9zdF9saW5rX3VybF9wYWdlIiwic2V0dGluZ3MiOnsicG9zdF9pZCI6IjM0NCIsImVuYWJsZV9odG1sIjoib2ZmIn19@\u00a0\u00bb _dynamic_attributes=\u00a0\u00bblink_option_url\u00a0\u00bb sticky_enabled=\u00a0\u00bb0&Prime;]<\/p>\n<h2>Zambie<\/h2>\n<p><span data-contrast=\"none\">En Zambie, nous avons organis\u00e9 des r\u00e9unions sur le changement climatique, le genre et la sant\u00e9 sexuelle et reproductive \u00e0 l&rsquo;intention des chefs de blocs, du personnel du commissaire aux r\u00e9fugi\u00e9s, du personnel du HCR au camp de r\u00e9fugi\u00e9s de Maheba et des repr\u00e9sentants du gouvernement local, respectivement. <\/span><span data-contrast=\"none\">locaux respectivement.<\/span><span data-ccp-props=\"{\"201341983\":0,\"335551550\":6,\"335551620\":6,\"335559685\":22,\"335559737\":64,\"335559739\":317,\"335559740\":270,\"335559991\":9}\"> <\/span><\/p>\n<p>[\/et_pb_text][\/et_pb_column][\/et_pb_row][et_pb_row _builder_version=\u00a0\u00bb4.27.0&Prime; _module_preset=\u00a0\u00bbdefault\u00a0\u00bb global_colors_info=\u00a0\u00bb{}\u00a0\u00bb theme_builder_area=\u00a0\u00bbpost_content\u00a0\u00bb][et_pb_column type=\u00a0\u00bb4_4&Prime; _builder_version=\u00a0\u00bb4.27.0&Prime; _module_preset=\u00a0\u00bbdefault\u00a0\u00bb global_colors_info=\u00a0\u00bb{}\u00a0\u00bb theme_builder_area=\u00a0\u00bbpost_content\u00a0\u00bb][et_pb_image src=\u00a0\u00bbhttps:\/\/ipasasr.org\/wp-content\/uploads\/2024\/08\/IMG-20240226-WA0008.jpg\u00a0\u00bb title_text=\u00a0\u00bbIMG-20240226-WA0008&Prime; _builder_version=\u00a0\u00bb4.27.0&Prime; _module_preset=\u00a0\u00bbdefault\u00a0\u00bb global_colors_info=\u00a0\u00bb{}\u00a0\u00bb theme_builder_area=\u00a0\u00bbpost_content\u00a0\u00bb][\/et_pb_image][\/et_pb_column][\/et_pb_row][et_pb_row column_structure=\u00a0\u00bb2_5,3_5&Prime; _builder_version=\u00a0\u00bb4.27.0&Prime; _module_preset=\u00a0\u00bbdefault\u00a0\u00bb global_colors_info=\u00a0\u00bb{}\u00a0\u00bb theme_builder_area=\u00a0\u00bbpost_content\u00a0\u00bb][et_pb_column type=\u00a0\u00bb2_5&Prime; _builder_version=\u00a0\u00bb4.27.0&Prime; _module_preset=\u00a0\u00bbdefault\u00a0\u00bb global_colors_info=\u00a0\u00bb{}\u00a0\u00bb theme_builder_area=\u00a0\u00bbpost_content\u00a0\u00bb][et_pb_image src=\u00a0\u00bbhttps:\/\/ipasasr.org\/wp-content\/uploads\/2024\/08\/IMG-20240226-WA0004.jpg\u00a0\u00bb title_text=\u00a0\u00bbIMG-20240226-WA0004&Prime; _builder_version=\u00a0\u00bb4.27.0&Prime; _module_preset=\u00a0\u00bbdefault\u00a0\u00bb global_colors_info=\u00a0\u00bb{}\u00a0\u00bb theme_builder_area=\u00a0\u00bbpost_content\u00a0\u00bb][\/et_pb_image][\/et_pb_column][et_pb_column type=\u00a0\u00bb3_5&Prime; _builder_version=\u00a0\u00bb4.27.0&Prime; _module_preset=\u00a0\u00bbdefault\u00a0\u00bb global_colors_info=\u00a0\u00bb{}\u00a0\u00bb theme_builder_area=\u00a0\u00bbpost_content\u00a0\u00bb][et_pb_image src=\u00a0\u00bbhttps:\/\/ipasasr.org\/wp-content\/uploads\/2024\/08\/IMG-20240226-WA0016.jpg\u00a0\u00bb title_text=\u00a0\u00bbIMG-20240226-WA0016&Prime; _builder_version=\u00a0\u00bb4.27.0&Prime; _module_preset=\u00a0\u00bbdefault\u00a0\u00bb global_colors_info=\u00a0\u00bb{}\u00a0\u00bb theme_builder_area=\u00a0\u00bbpost_content\u00a0\u00bb][\/et_pb_image][\/et_pb_column][\/et_pb_row][\/et_pb_section][et_pb_section fb_built=\u00a0\u00bb1&Prime; module_id=\u00a0\u00bbdroits reproductifs\u00a0\u00bb _builder_version=\u00a0\u00bb4.21.0&Prime; background_enable_image=\u00a0\u00bboff\u00a0\u00bb global_colors_info=\u00a0\u00bb{}\u00a0\u00bb theme_builder_area=\u00a0\u00bbpost_content\u00a0\u00bb][et_pb_row _builder_version=\u00a0\u00bb4.16&Prime; global_colors_info=\u00a0\u00bb{}\u00a0\u00bb theme_builder_area=\u00a0\u00bbpost_content\u00a0\u00bb][et_pb_column type=\u00a0\u00bb4_4&Prime; _builder_version=\u00a0\u00bb4.16&Prime; global_colors_info=\u00a0\u00bb{}\u00a0\u00bb theme_builder_area=\u00a0\u00bbpost_content\u00a0\u00bb][et_pb_text _builder_version=\u00a0\u00bb4.27.0&Prime; text_line_height=\u00a0\u00bb1.4em\u00a0\u00bb header_text_color=\u00a0\u00bb#F47B20&Prime; header_2_font=\u00a0\u00bb|800|||||||\u00a0\u00bb header_2_text_color=\u00a0\u00bb#F15A29&Prime; header_2_font_size=\u00a0\u00bb24px\u00a0\u00bb global_colors_info=\u00a0\u00bb{}\u00a0\u00bb theme_builder_area=\u00a0\u00bbpost_content\u00a0\u00bb]<\/p>\n<h2><span data-contrast=\"none\" class=\"TextRun SCXW11042236 BCX0\"><span class=\"NormalTextRun SCXW11042236 BCX0\" data-ccp-parastyle=\"heading 2\">Renforcer l&rsquo;engagement et le leadership politiques<\/span><\/span><span class=\"EOP SCXW11042236 BCX0\" data-ccp-props=\"{\"134245418\":true,\"134245529\":true,\"201341983\":0,\"335551550\":6,\"335551620\":6,\"335559685\":22,\"335559737\":61,\"335559738\":160,\"335559739\":80,\"335559740\":270,\"335559991\":9}\"> <\/span><\/h2>\n<p>[\/et_pb_text][\/et_pb_column][\/et_pb_row][et_pb_row _builder_version=\u00a0\u00bb4.27.0&Prime; _module_preset=\u00a0\u00bbdefault\u00a0\u00bb custom_margin=\u00a0\u00bb0px||||false|false\u00a0\u00bb custom_padding=\u00a0\u00bb0px||||false|false\u00a0\u00bb global_colors_info=\u00a0\u00bb{}\u00a0\u00bb column_structure=\u00a0\u00bb2_3,1_3&Prime; theme_builder_area=\u00a0\u00bbpost_content\u00a0\u00bb make_equal=\u00a0\u00bbon\u00a0\u00bb hover_enabled=\u00a0\u00bb0&Prime; sticky_enabled=\u00a0\u00bb0&Prime;][et_pb_column type=\u00a0\u00bb2_3&Prime; _builder_version=\u00a0\u00bb4.21.0&Prime; _module_preset=\u00a0\u00bbdefault\u00a0\u00bb global_colors_info=\u00a0\u00bb{}\u00a0\u00bb theme_builder_area=\u00a0\u00bbpost_content\u00a0\u00bb][et_pb_text _builder_version=\u00a0\u00bb4.27.0&Prime; _module_preset=\u00a0\u00bbdefault\u00a0\u00bb text_line_height=\u00a0\u00bb1.5em\u00a0\u00bb global_colors_info=\u00a0\u00bb{}\u00a0\u00bb theme_builder_area=\u00a0\u00bbpost_content\u00a0\u00bb]<\/p>\n<p><span data-contrast=\"none\">Le droit \u00e0 l&rsquo;avortement d\u00e9pend des autres droits de l&rsquo;homme : le droit \u00e0 la sant\u00e9, le droit \u00e0 l&rsquo;\u00e9galit\u00e9, le droit \u00e0 la vie priv\u00e9e et le droit de vivre \u00e0 l&rsquo;abri de la violence et de la discrimination.<br \/>\nC&rsquo;est pourquoi Ipas travaille avec divers partenaires pour un monde o\u00f9 tous les droits de l&rsquo;homme, y compris les droits sexuels et reproductifs, sont respect\u00e9s, prot\u00e9g\u00e9s et r\u00e9alis\u00e9s.<br \/>\nAu niveau national, nous nous associons \u00e0 des groupes de la soci\u00e9t\u00e9 civile qui plaident en faveur de lois progressistes.  <\/span><span data-ccp-props=\"{\"201341983\":0,\"335551550\":6,\"335551620\":6,\"335559685\":22,\"335559737\":64,\"335559739\":202,\"335559740\":270,\"335559991\":9}\"> <\/span><span data-ccp-props=\"{\"201341983\":0,\"335551550\":6,\"335551620\":6,\"335559685\":22,\"335559737\":64,\"335559739\":267,\"335559740\":270,\"335559991\":9}\"> <\/span><\/p>\n<p>[\/et_pb_text][et_pb_image src=\u00a0\u00bbhttps:\/\/ipasasr.org\/wp-content\/uploads\/2024\/05\/Eastern-and-Southern-African-Caucus-on-Sexual-Reproductive-Health-and-Rights-launch_9527A.jpg\u00a0\u00bb _builder_version=\u00a0\u00bb4.27.0&Prime; _module_preset=\u00a0\u00bbdefault\u00a0\u00bb theme_builder_area=\u00a0\u00bbpost_content\u00a0\u00bb title_text=\u00a0\u00bbCaucus de l&#039;Est et du Sud de l&#039;Afrique sur la sant\u00e9 et les droits sexuels et reproductifs_9527A\u00a0\u00bb hover_enabled=\u00a0\u00bb0&Prime; sticky_enabled=\u00a0\u00bb0&Prime;][\/et_pb_image][\/et_pb_column][et_pb_column type=\u00a0\u00bb1_3&Prime; _builder_version=\u00a0\u00bb4.21.0&Prime; _module_preset=\u00a0\u00bbdefault\u00a0\u00bb global_colors_info=\u00a0\u00bb{}\u00a0\u00bb theme_builder_area=\u00a0\u00bbpost_content\u00a0\u00bb background_color=\u00a0\u00bb#e2e2e2&Prime; custom_padding=\u00a0\u00bb40px||40px||false|false\u00a0\u00bb][et_pb_text _builder_version=\u00a0\u00bb4.27.0&Prime; _module_preset=\u00a0\u00bbdefault\u00a0\u00bb text_font_size=\u00a0\u00bb16px\u00a0\u00bb custom_padding=\u00a0\u00bb|20px||20px|false|false\u00a0\u00bb hover_enabled=\u00a0\u00bb0&Prime; global_colors_info=\u00a0\u00bb{}\u00a0\u00bb theme_builder_area=\u00a0\u00bbpost_content\u00a0\u00bb link_option_url=\u00a0\u00bb@ET-DC@eyJkeW5hbWljIjp0cnVlLCJjb250ZW50IjoicG9zdF9saW5rX3VybF9wYWdlIiwic2V0dGluZ3MiOnsicG9zdF9pZCI6IjMyNCIsImVuYWJsZV9odG1sIjoib2ZmIn19@\u00a0\u00bb _dynamic_attributes=\u00a0\u00bblink_option_url\u00a0\u00bb sticky_enabled=\u00a0\u00bb0&Prime;]<\/p>\n<h2>Malawi<\/h2>\n<p><span data-contrast=\"none\">Au Malawi, Ipas a contribu\u00e9 \u00e0 la cr\u00e9ation et assure le secr\u00e9tariat de la Coalition pour la pr\u00e9vention de l&rsquo;avortement \u00e0 risque, qui \u00e9duque le public sur les cons\u00e9quences de l&rsquo;avortement \u00e0 risque et cr\u00e9e une dynamique de base pour la r\u00e9forme de la loi parmi les d\u00e9cideurs politiques, les organisations communautaires, les chefs, les leaders religieux, les avocats, les prestataires de soins de sant\u00e9 et les jeunes.<br \/>\nNous avons \u00e9galement contribu\u00e9 \u00e0 la publication en 2017 d&rsquo;un projet de loi sur l&rsquo;interruption de grossesse (TOP) qui soutient l&rsquo;\u00e9largissement de l&rsquo;acc\u00e8s \u00e0 l&rsquo;avortement.<br \/>\nIpas continue de plaider pour la promulgation du projet de loi TOP au Parlement, en sensibilisant les d\u00e9cideurs politiques et en \u00e9tablissant un partenariat \u00e9troit avec le minist\u00e8re de la Sant\u00e9.  <\/span><\/p>\n<p>[\/et_pb_text][\/et_pb_column][\/et_pb_row][\/et_pb_section][et_pb_section fb_built=\u00a0\u00bb1&Prime; module_id=\u00a0\u00bbR\u00e9ponses humanitaires\u00a0\u00bb _builder_version=\u00a0\u00bb4.21.0&Prime; background_color=\u00a0\u00bb#D6D6D6&Prime; background_enable_image=\u00a0\u00bboff\u00a0\u00bb global_colors_info=\u00a0\u00bb{}\u00a0\u00bb theme_builder_area=\u00a0\u00bbpost_content\u00a0\u00bb][et_pb_row _builder_version=\u00a0\u00bb4.16&Prime; global_colors_info=\u00a0\u00bb{}\u00a0\u00bb theme_builder_area=\u00a0\u00bbpost_content\u00a0\u00bb][et_pb_column type=\u00a0\u00bb4_4&Prime; _builder_version=\u00a0\u00bb4.16&Prime; global_colors_info=\u00a0\u00bb{}\u00a0\u00bb theme_builder_area=\u00a0\u00bbpost_content\u00a0\u00bb][et_pb_text _builder_version=\u00a0\u00bb4.27.0&Prime; text_line_height=\u00a0\u00bb1.4em\u00a0\u00bb header_text_color=\u00a0\u00bb#F47B20&Prime; header_2_font=\u00a0\u00bb|800|||||||\u00a0\u00bb header_2_text_color=\u00a0\u00bb#F15A29&Prime; header_2_font_size=\u00a0\u00bb24px\u00a0\u00bb global_colors_info=\u00a0\u00bb{}\u00a0\u00bb theme_builder_area=\u00a0\u00bbpost_content\u00a0\u00bb]<\/p>\n<h2><span data-contrast=\"none\" class=\"TextRun MacChromeBold SCXW140894321 BCX0\"><span class=\"NormalTextRun SCXW140894321 BCX0\">Climat et efforts humanitaires<\/span><\/span><span data-contrast=\"none\" xml:lang=\"EN-US\" lang=\"EN-US\" class=\"TextRun Underlined MacChromeBold SCXW140894321 BCX0\"><span class=\"NormalTextRun SCXW140894321 BCX0\"> <\/span><\/span><\/h2>\n<p>[\/et_pb_text][\/et_pb_column][\/et_pb_row][et_pb_row column_structure=\u00a0\u00bb2_3,1_3&Prime; _builder_version=\u00a0\u00bb4.27.0&Prime; _module_preset=\u00a0\u00bbdefault\u00a0\u00bb custom_margin=\u00a0\u00bb0px||||false|false\u00a0\u00bb custom_padding=\u00a0\u00bb0px||||false|false\u00a0\u00bb hover_enabled=\u00a0\u00bb0&Prime; global_colors_info=\u00a0\u00bb{}\u00a0\u00bb theme_builder_area=\u00a0\u00bbpost_content\u00a0\u00bb make_equal=\u00a0\u00bbon\u00a0\u00bb sticky_enabled=\u00a0\u00bb0&Prime;][et_pb_column type=\u00a0\u00bb2_3&Prime; _builder_version=\u00a0\u00bb4.21.0&Prime; _module_preset=\u00a0\u00bbdefault\u00a0\u00bb global_colors_info=\u00a0\u00bb{}\u00a0\u00bb theme_builder_area=\u00a0\u00bbpost_content\u00a0\u00bb][et_pb_text _builder_version=\u00a0\u00bb4.27.0&Prime; _module_preset=\u00a0\u00bbdefault\u00a0\u00bb text_line_height=\u00a0\u00bb1.4em\u00a0\u00bb global_colors_info=\u00a0\u00bb{}\u00a0\u00bb theme_builder_area=\u00a0\u00bbpost_content\u00a0\u00bb]<\/p>\n<p><span data-contrast=\"none\">Le changement climatique a eu un impact significatif sur l&rsquo;environnement, la sant\u00e9 humaine, les migrations et les syst\u00e8mes socio-\u00e9conomiques, entra\u00eenant des crises humanitaires.<br \/>\nLes catastrophes naturelles telles que les ouragans, les inondations, les s\u00e9cheresses et les incendies de for\u00eat ont \u00e9t\u00e9 plus fr\u00e9quentes et plus intenses dans les pays de la RAS, provoquant des d\u00e9placements de population et la destruction d&rsquo;infrastructures.<br \/>\nCela se traduit par un impact accru sur la sant\u00e9 et les droits sexuels et reproductifs (SRHR), exacerbant les vuln\u00e9rabilit\u00e9s existantes et cr\u00e9ant de nouveaux d\u00e9fis.    <\/span><span data-ccp-props=\"{\"201341983\":0,\"335551550\":6,\"335551620\":6,\"335559685\":-5,\"335559737\":64,\"335559739\":11,\"335559740\":270,\"335559991\":9}\"> <\/span><\/p>\n<p><span data-contrast=\"none\">La RBA a jou\u00e9 un r\u00f4le essentiel dans la r\u00e9solution des probl\u00e8mes li\u00e9s au changement climatique en mati\u00e8re de sant\u00e9 sexuelle et reproductive.  <\/span><\/p>\n<p>[\/et_pb_text][et_pb_slider _builder_version=\u00a0\u00bb4.27.0&Prime; _module_preset=\u00a0\u00bbdefault\u00a0\u00bb theme_builder_area=\u00a0\u00bbpost_content\u00a0\u00bb hover_enabled=\u00a0\u00bb0&Prime; sticky_enabled=\u00a0\u00bb0&Prime; min_height=\u00a0\u00bb300px\u00a0\u00bb custom_padding=\u00a0\u00bb||0px||false|false\u00a0\u00bb custom_margin=\u00a0\u00bb||10px||false|false\u00a0\u00bb][et_pb_slide _builder_version=\u00a0\u00bb4.27.0&Prime; _module_preset=\u00a0\u00bbdefault\u00a0\u00bb theme_builder_area=\u00a0\u00bbpost_content\u00a0\u00bb title_text=\u00a0\u00bbPicture1&Prime; background_image=\u00a0\u00bbhttps:\/\/ipasasr.org\/wp-content\/uploads\/2024\/08\/Picture1.png\u00a0\u00bb background_enable_image=\u00a0\u00bbon\u00a0\u00bb hover_enabled=\u00a0\u00bb0&Prime; sticky_enabled=\u00a0\u00bb0&Prime;][\/et_pb_slide][et_pb_slide _builder_version=\u00a0\u00bb4.27.0&Prime; _module_preset=\u00a0\u00bbdefault\u00a0\u00bb theme_builder_area=\u00a0\u00bbpost_content\u00a0\u00bb title_text=\u00a0\u00bbPicture3&Prime; background_image=\u00a0\u00bbhttps:\/\/ipasasr.org\/wp-content\/uploads\/2024\/08\/Picture3.png\u00a0\u00bb background_enable_image=\u00a0\u00bbon\u00a0\u00bb hover_enabled=\u00a0\u00bb0&Prime; sticky_enabled=\u00a0\u00bb0&Prime;][\/et_pb_slide][et_pb_slide _builder_version=\u00a0\u00bb4.27.0&Prime; _module_preset=\u00a0\u00bbdefault\u00a0\u00bb theme_builder_area=\u00a0\u00bbpost_content\u00a0\u00bb title_text=\u00a0\u00bbPicture4&Prime; background_image=\u00a0\u00bbhttps:\/\/ipasasr.org\/wp-content\/uploads\/2024\/08\/Picture4.png\u00a0\u00bb background_enable_image=\u00a0\u00bbon\u00a0\u00bb hover_enabled=\u00a0\u00bb0&Prime; sticky_enabled=\u00a0\u00bb0&Prime;][\/et_pb_slide][\/et_pb_slider][et_pb_text _builder_version=\u00a0\u00bb4.27.0&Prime; _module_preset=\u00a0\u00bbdefault\u00a0\u00bb text_font=\u00a0\u00bb||on||||||\u00a0\u00bb text_font_size=\u00a0\u00bb16px\u00a0\u00bb global_colors_info=\u00a0\u00bb{}\u00a0\u00bb theme_builder_area=\u00a0\u00bbpost_content\u00a0\u00bb]<\/p>\n<p>Le personnel d&rsquo;Ipas et les fonctionnaires du minist\u00e8re de la sant\u00e9 bravent les rivi\u00e8res pour atteindre les \u00e9tablissements de sant\u00e9 et soutenir les communaut\u00e9s d\u00e9plac\u00e9es par les inondations dans le cadre d&rsquo;un projet de justice climatique visant \u00e0 am\u00e9liorer l&rsquo;acc\u00e8s et la disponibilit\u00e9 des services de sant\u00e9 sexuelle et reproductive dans les zones expos\u00e9es aux catastrophes &#8211; District de Chama, province de l&rsquo;Est, Zambie<\/p>\n<p>[\/et_pb_text][\/et_pb_column][et_pb_column type=\u00a0\u00bb1_3&Prime; _builder_version=\u00a0\u00bb4.27.0&Prime; _module_preset=\u00a0\u00bbdefault\u00a0\u00bb hover_enabled=\u00a0\u00bb0&Prime; global_colors_info=\u00a0\u00bb{}\u00a0\u00bb theme_builder_area=\u00a0\u00bbpost_content\u00a0\u00bb background_color=\u00a0\u00bb#FFFFFF\u00a0\u00bb sticky_enabled=\u00a0\u00bb0&Prime; custom_padding=\u00a0\u00bb40px||40px||true|false\u00a0\u00bb][et_pb_text _builder_version=\u00a0\u00bb4.27.0&Prime; _module_preset=\u00a0\u00bbdefault\u00a0\u00bb text_font_size=\u00a0\u00bb16px\u00a0\u00bb custom_padding=\u00a0\u00bb|20px||20px|false|false\u00a0\u00bb hover_enabled=\u00a0\u00bb0&Prime; global_colors_info=\u00a0\u00bb{}\u00a0\u00bb theme_builder_area=\u00a0\u00bbpost_content\u00a0\u00bb link_option_url=\u00a0\u00bb@ET-DC@eyJkeW5hbWljIjp0cnVlLCJjb250ZW50IjoicG9zdF9saW5rX3VybF9wYWdlIiwic2V0dGluZ3MiOnsicG9zdF9pZCI6IjMyNCIsImVuYWJsZV9odG1sIjoib2ZmIn19@\u00a0\u00bb _dynamic_attributes=\u00a0\u00bblink_option_url\u00a0\u00bb sticky_enabled=\u00a0\u00bb0&Prime;]<\/p>\n<h2>Malawi<\/h2>\n<p><span data-contrast=\"none\">Au Malawi, Ipas a fait don de divers produits et fournitures de sant\u00e9 sexuelle et reproductive aux personnes touch\u00e9es par les effets d\u00e9vastateurs du cyclone Freddie.  <\/span><\/p>\n<p>[\/et_pb_text][et_pb_text _builder_version=\u00a0\u00bb4.27.0&Prime; _module_preset=\u00a0\u00bbdefault\u00a0\u00bb text_font_size=\u00a0\u00bb16px\u00a0\u00bb custom_padding=\u00a0\u00bb|20px||20px|false|false\u00a0\u00bb hover_enabled=\u00a0\u00bb0&Prime; global_colors_info=\u00a0\u00bb{}\u00a0\u00bb theme_builder_area=\u00a0\u00bbpost_content\u00a0\u00bb sticky_enabled=\u00a0\u00bb0&Prime; link_option_url=\u00a0\u00bb@ET-DC@eyJkeW5hbWljIjp0cnVlLCJjb250ZW50IjoicG9zdF9saW5rX3VybF9wYWdlIiwic2V0dGluZ3MiOnsicG9zdF9pZCI6IjM0NCIsImVuYWJsZV9odG1sIjoib2ZmIn19@\u00a0\u00bb _dynamic_attributes=\u00a0\u00bblink_option_url\u00a0\u00bb]<\/p>\n<h2>Zambie<\/h2>\n<p><span data-contrast=\"none\">En Zambie, Ipas a appliqu\u00e9 l&rsquo;approche VCAT (Values Clarification and Action Transformation) dans le camp de r\u00e9fugi\u00e9s de Maheba pour lutter contre la stigmatisation associ\u00e9e aux services de sant\u00e9 sexuelle et reproductive dans les contextes humanitaires.<br \/>\nL&rsquo;Ipas a \u00e9galement form\u00e9 des ma\u00eetres formateurs sur le tas afin qu&rsquo;ils dispensent des formations en cascade dans les zones expos\u00e9es aux catastrophes climatiques.<br \/>\nCela a permis de garantir la continuit\u00e9 des services de sant\u00e9 sexuelle et reproductive pendant et apr\u00e8s les perturbations li\u00e9es au changement climatique.    <\/span><span data-ccp-props=\"{\"201341983\":0,\"335551550\":6,\"335551620\":6,\"335559685\":-5,\"335559737\":64,\"335559739\":11,\"335559740\":270,\"335559991\":9}\"> <\/span><\/p>\n<p>[\/et_pb_text][\/et_pb_column][\/et_pb_row][\/et_pb_section][et_pb_section fb_built=\u00a0\u00bb1&Prime; _builder_version=\u00a0\u00bb4.26.0&Prime; _module_preset=\u00a0\u00bbdefault\u00a0\u00bb background_color=\u00a0\u00bbrgba(255,255,255,0.95)\u00a0\u00bb background_enable_image=\u00a0\u00bboff\u00a0\u00bb background_size=\u00a0\u00bbcustom\u00a0\u00bb background_image_width=\u00a0\u00bb4%\u00a0\u00bb background_repeat=\u00a0\u00bbrepeat\u00a0\u00bb background_blend=\u00a0\u00bboverlay\u00a0\u00bb global_colors_info=\u00a0\u00bb{}\u00a0\u00bb theme_builder_area=\u00a0\u00bbpost_content\u00a0\u00bb][et_pb_row _builder_version=\u00a0\u00bb4.26.0&Prime; _module_preset=\u00a0\u00bbe3523139-d057-4492-bbeb-8444a9c4051e\u00a0\u00bb background_color=\u00a0\u00bb#FFFFFF\u00a0\u00bb position_origin_a=\u00a0\u00bbbottom_center\u00a0\u00bb vertical_offset=\u00a0\u00bb0vw\u00a0\u00bb module_alignment=\u00a0\u00bbcenter\u00a0\u00bb custom_margin=\u00a0\u00bb||0px||false|false\u00a0\u00bb custom_padding=\u00a0\u00bb4vw|0vw|0vw|0vw|false|true\u00a0\u00bb locked=\u00a0\u00bboff\u00a0\u00bb global_colors_info=\u00a0\u00bb{}\u00a0\u00bb theme_builder_area=\u00a0\u00bbpost_content\u00a0\u00bb][et_pb_column type=\u00a0\u00bb4_4&Prime; _builder_version=\u00a0\u00bb4.16&Prime; _module_preset=\u00a0\u00bbdefault\u00a0\u00bb global_colors_info=\u00a0\u00bb{}\u00a0\u00bb theme_builder_area=\u00a0\u00bbpost_content\u00a0\u00bb][et_pb_image src=\u00a0\u00bbhttps:\/\/ipasasr.org\/wp-content\/uploads\/2023\/07\/dashes-2.svg\u00a0\u00bb title_text=\u00a0\u00bbtirets-2&Prime; _builder_version=\u00a0\u00bb4.26.0&Prime; _module_preset=\u00a0\u00bbdefault\u00a0\u00bb global_colors_info=\u00a0\u00bb{}\u00a0\u00bb theme_builder_area=\u00a0\u00bbpost_content\u00a0\u00bb][\/et_pb_image][et_pb_text _builder_version=\u00a0\u00bb4.26.0&Prime; _module_preset=\u00a0\u00bb72b4ce99-eba6-4d67-98df-41bf71b0325a\u00a0\u00bb header_2_text_align=\u00a0\u00bbcenter\u00a0\u00bb global_colors_info=\u00a0\u00bb{}\u00a0\u00bb theme_builder_area=\u00a0\u00bbpost_content\u00a0\u00bb]<\/p>\n<h2>Notre impact<\/h2>\n<p>[\/et_pb_text][et_pb_image src=\u00a0\u00bbhttps:\/\/ipasasr.org\/wp-content\/uploads\/2023\/07\/dashes-2.svg\u00a0\u00bb title_text=\u00a0\u00bbtirets-2&Prime; _builder_version=\u00a0\u00bb4.26.0&Prime; _module_preset=\u00a0\u00bbdefault\u00a0\u00bb global_colors_info=\u00a0\u00bb{}\u00a0\u00bb theme_builder_area=\u00a0\u00bbpost_content\u00a0\u00bb][\/et_pb_image][\/et_pb_column][\/et_pb_row][et_pb_row _builder_version=\u00a0\u00bb4.27.0&Prime; _module_preset=\u00a0\u00bbe3523139-d057-4492-bbeb-8444a9c4051e\u00a0\u00bb custom_margin=\u00a0\u00bb40px||||false|false\u00a0\u00bb global_colors_info=\u00a0\u00bb{}\u00a0\u00bb theme_builder_area=\u00a0\u00bbpost_content\u00a0\u00bb][et_pb_column type=\u00a0\u00bb4_4&Prime; _builder_version=\u00a0\u00bb4.25.1&Prime; _module_preset=\u00a0\u00bbdefault\u00a0\u00bb global_colors_info=\u00a0\u00bb{}\u00a0\u00bb theme_builder_area=\u00a0\u00bbpost_content\u00a0\u00bb][et_pb_text _builder_version=\u00a0\u00bb4.27.0&Prime; _module_preset=\u00a0\u00bbdefault\u00a0\u00bb text_text_color=\u00a0\u00bb#2E3856&Prime; text_font_size=\u00a0\u00bb26px\u00a0\u00bb header_2_text_color=\u00a0\u00bb#2E3856&Prime; global_colors_info=\u00a0\u00bb{}\u00a0\u00bb theme_builder_area=\u00a0\u00bbpost_content\u00a0\u00bb]<\/p>\n<h2><span data-contrast=\"none\" class=\"TextRun SCXW106158387 BCX0\"><span class=\"NormalTextRun SCXW106158387 BCX0\">Facilit\u00e9 la mise en place du Caucus parlementaire de l&rsquo;Afrique orientale et australe, compos\u00e9 de membres des parlements des deux r\u00e9gions.<\/span><\/span><span class=\"EOP SCXW106158387 BCX0\" data-ccp-props=\"{\"201341983\":0,\"335551550\":6,\"335551620\":6,\"335559739\":15,\"335559740\":270}\"> <\/span><\/h2>\n<p>[\/et_pb_text][\/et_pb_column][\/et_pb_row][et_pb_row _builder_version=\u00a0\u00bb4.27.0&Prime; _module_preset=\u00a0\u00bbdefault\u00a0\u00bb theme_builder_area=\u00a0\u00bbpost_content\u00a0\u00bb column_structure=\u00a0\u00bb1_4,1_2,1_4&Prime; max_width=\u00a0\u00bb100%\u00a0\u00bb module_alignment=\u00a0\u00bbcenter\u00a0\u00bb hover_enabled=\u00a0\u00bb0&Prime; sticky_enabled=\u00a0\u00bb0&Prime; make_equal=\u00a0\u00bbon\u00a0\u00bb][et_pb_column _builder_version=\u00a0\u00bb4.27.0&Prime; _module_preset=\u00a0\u00bbdefault\u00a0\u00bb type=\u00a0\u00bb1_4&Prime; theme_builder_area=\u00a0\u00bbpost_content\u00a0\u00bb background_color=\u00a0\u00bb#e2e2e2&Prime; custom_padding=\u00a0\u00bb20px|20px|20px|20px|true|true\u00a0\u00bb hover_enabled=\u00a0\u00bb0&Prime; sticky_enabled=\u00a0\u00bb0&Prime;][et_pb_text _builder_version=\u00a0\u00bb4.27.0&Prime; _module_preset=\u00a0\u00bbdefault\u00a0\u00bb theme_builder_area=\u00a0\u00bbpost_content\u00a0\u00bb hover_enabled=\u00a0\u00bb0&Prime; sticky_enabled=\u00a0\u00bb0&Prime; header_2_text_color=\u00a0\u00bb#2E3856&Prime; header_2_font_size=\u00a0\u00bb36px\u00a0\u00bb header_2_text_align=\u00a0\u00bbcenter\u00a0\u00bb]<\/p>\n<h2>Au Malawi<\/h2>\n<p>[\/et_pb_text][et_pb_number_counter title=\u00a0\u00bbSoutien aux services de soins post-avortement\u00a0\u00bb number=\u00a0\u00bb2,005&Prime; percent_sign=\u00a0\u00bboff\u00a0\u00bb _builder_version=\u00a0\u00bb4.27.0&Prime; _module_preset=\u00a0\u00bbdefault\u00a0\u00bb title_font=\u00a0\u00bb&#8211;et_global_heading_font|700|||||||\u00a0\u00bb title_text_color=\u00a0\u00bb#000000&Prime; title_font_size=\u00a0\u00bb20px\u00a0\u00bb hover_enabled=\u00a0\u00bb0&Prime; global_colors_info=\u00a0\u00bb{}\u00a0\u00bb theme_builder_area=\u00a0\u00bbpost_content\u00a0\u00bb number_font_size=\u00a0\u00bb60px\u00a0\u00bb sticky_enabled=\u00a0\u00bb0&Prime;][\/et_pb_number_counter][et_pb_text _builder_version=\u00a0\u00bb4.27.0&Prime; _module_preset=\u00a0\u00bbdefault\u00a0\u00bb text_text_color=\u00a0\u00bb#2E3856&Prime; text_font_size=\u00a0\u00bb20px\u00a0\u00bb header_2_text_color=\u00a0\u00bb#2E3856&Prime; hover_enabled=\u00a0\u00bb0&Prime; global_colors_info=\u00a0\u00bb{}\u00a0\u00bb theme_builder_area=\u00a0\u00bbpost_content\u00a0\u00bb text_font=\u00a0\u00bb&#8211;et_global_body_font||||||||\u00a0\u00bb text_orientation=\u00a0\u00bbcenter\u00a0\u00bb sticky_enabled=\u00a0\u00bb0&Prime; text_line_height=\u00a0\u00bb1.4em\u00a0\u00bb]<\/p>\n<p><span data-contrast=\"none\" class=\"TextRun SCXW202161749 BCX0\"><span class=\"NormalTextRun SCXW202161749 BCX0\">A plaid\u00e9 en faveur d&rsquo;une r\u00e9forme de la l\u00e9gislation sur l&rsquo;avortement.<\/span><\/span><\/p>\n<p>[\/et_pb_text][et_pb_text _builder_version=\u00a0\u00bb4.27.0&Prime; _module_preset=\u00a0\u00bbdefault\u00a0\u00bb text_text_color=\u00a0\u00bb#2E3856&Prime; text_font_size=\u00a0\u00bb20px\u00a0\u00bb header_2_text_color=\u00a0\u00bb#2E3856&Prime; global_colors_info=\u00a0\u00bb{}\u00a0\u00bb theme_builder_area=\u00a0\u00bbpost_content\u00a0\u00bb sticky_enabled=\u00a0\u00bb0&Prime; text_font=\u00a0\u00bb&#8211;et_global_body_font||||||||\u00a0\u00bb text_orientation=\u00a0\u00bbcenter\u00a0\u00bb text_line_height=\u00a0\u00bb1.4em\u00a0\u00bb]<\/p>\n<p><span data-contrast=\"none\" class=\"TextRun SCXW153740899 BCX0\"><span class=\"NormalTextRun SCXW153740899 BCX0\">Renforcement des organisations dirig\u00e9es par des jeunes et des femmes<\/span><span class=\"NormalTextRun SCXW153740899 BCX0\">hommes par l&rsquo;octroi de subventions. <\/span><span class=\"NormalTextRun SCXW153740899 BCX0\">de subventions.<\/span><\/span><\/p>\n<p>[\/et_pb_text][\/et_pb_column][et_pb_column _builder_version=\u00a0\u00bb4.27.0&Prime; _module_preset=\u00a0\u00bbdefault\u00a0\u00bb type=\u00a0\u00bb1_2&Prime; theme_builder_area=\u00a0\u00bbpost_content\u00a0\u00bb background_color=\u00a0\u00bb#e2e2e2&Prime; custom_padding=\u00a0\u00bb20px|20px|20px|20px|true|true\u00a0\u00bb][et_pb_text _builder_version=\u00a0\u00bb4.27.0&Prime; _module_preset=\u00a0\u00bbdefault\u00a0\u00bb theme_builder_area=\u00a0\u00bbpost_content\u00a0\u00bb hover_enabled=\u00a0\u00bb0&Prime; sticky_enabled=\u00a0\u00bb0&Prime; header_2_text_color=\u00a0\u00bb#2E3856&Prime; header_2_font_size=\u00a0\u00bb36px\u00a0\u00bb header_2_text_align=\u00a0\u00bbcenter\u00a0\u00bb]<\/p>\n<h2>En Afrique du Sud<\/h2>\n<p>[\/et_pb_text][et_pb_number_counter title=\u00a0\u00bbDes ma\u00eetres formateurs ont \u00e9t\u00e9 form\u00e9s dans la province du Cap-Oriental, ce qui a permis d&#039;\u00e9largir l&#039;acc\u00e8s aux CAC.\u00a0\u00bb number=\u00a0\u00bb10&Prime; percent_sign=\u00a0\u00bboff\u00a0\u00bb _builder_version=\u00a0\u00bb4.27.0&Prime; _module_preset=\u00a0\u00bbdefault\u00a0\u00bb title_font=\u00a0\u00bb&#8211;et_global_heading_font|700|||||||\u00a0\u00bb title_text_color=\u00a0\u00bb#000000&Prime; title_font_size=\u00a0\u00bb20px\u00a0\u00bb global_colors_info=\u00a0\u00bb{}\u00a0\u00bb theme_builder_area=\u00a0\u00bbpost_content\u00a0\u00bb number_font_size=\u00a0\u00bb60px\u00a0\u00bb hover_enabled=\u00a0\u00bb0&Prime; sticky_enabled=\u00a0\u00bb0&Prime;][\/et_pb_number_counter][et_pb_text _builder_version=\u00a0\u00bb4.27.0&Prime; _module_preset=\u00a0\u00bbdefault\u00a0\u00bb text_text_color=\u00a0\u00bb#2E3856&Prime; text_font_size=\u00a0\u00bb20px\u00a0\u00bb header_2_text_color=\u00a0\u00bb#2E3856&Prime; global_colors_info=\u00a0\u00bb{}\u00a0\u00bb theme_builder_area=\u00a0\u00bbpost_content\u00a0\u00bb text_font=\u00a0\u00bb&#8211;et_global_body_font||||||||\u00a0\u00bb text_orientation=\u00a0\u00bbcenter\u00a0\u00bb text_line_height=\u00a0\u00bb1.4em\u00a0\u00bb hover_enabled=\u00a0\u00bb0&Prime; sticky_enabled=\u00a0\u00bb0&Prime;]<\/p>\n<p><span data-contrast=\"none\" class=\"TextRun SCXW143086946 BCX0\"><span class=\"NormalTextRun SCXW143086946 BCX0\">Examen de l&rsquo;\u00e9tat d&rsquo;avancement des plans d&rsquo;action d&rsquo;Ipas et de ses partenaires et de la mise en \u0153uvre du SAE dans les provinces de Gauteng et de Limpopo. A \u00e9galement effectu\u00e9 des \u00e9valuations SAE dans les provinces de Free State, Kwa Zulu Natal et KZN (2022). Afrique du Sud.<\/span><\/span><\/p>\n<p>[\/et_pb_text][et_pb_text _builder_version=\u00a0\u00bb4.27.0&Prime; _module_preset=\u00a0\u00bbdefault\u00a0\u00bb text_text_color=\u00a0\u00bb#2E3856&Prime; text_font_size=\u00a0\u00bb20px\u00a0\u00bb header_2_text_color=\u00a0\u00bb#2E3856&Prime; global_colors_info=\u00a0\u00bb{}\u00a0\u00bb theme_builder_area=\u00a0\u00bbpost_content\u00a0\u00bb text_font=\u00a0\u00bb&#8211;et_global_body_font||||||||\u00a0\u00bb text_orientation=\u00a0\u00bbcenter\u00a0\u00bb text_line_height=\u00a0\u00bb1.4em\u00a0\u00bb hover_enabled=\u00a0\u00bb0&Prime; sticky_enabled=\u00a0\u00bb0&Prime;]<\/p>\n<p><span data-contrast=\"none\" class=\"TextRun SCXW239421113 BCX0\"><span class=\"NormalTextRun SCXW239421113 BCX0\">Elle a organis\u00e9 des dialogues sur les liens entre le changement climatique et la sant\u00e9 sexuelle et reproductive dans les provinces de KZN et de Gauteng et a particip\u00e9 \u00e0 l&rsquo;\u00e9laboration d&rsquo;un document sur le projet de loi relatif au changement climatique.<\/span><\/span><\/p>\n<p>[\/et_pb_text][et_pb_text _builder_version=\u00a0\u00bb4.27.0&Prime; _module_preset=\u00a0\u00bbdefault\u00a0\u00bb text_text_color=\u00a0\u00bb#2E3856&Prime; text_font_size=\u00a0\u00bb20px\u00a0\u00bb header_2_text_color=\u00a0\u00bb#2E3856&Prime; global_colors_info=\u00a0\u00bb{}\u00a0\u00bb theme_builder_area=\u00a0\u00bbpost_content\u00a0\u00bb text_font=\u00a0\u00bb&#8211;et_global_body_font||||||||\u00a0\u00bb text_orientation=\u00a0\u00bbcenter\u00a0\u00bb text_line_height=\u00a0\u00bb1.4em\u00a0\u00bb hover_enabled=\u00a0\u00bb0&Prime; sticky_enabled=\u00a0\u00bb0&Prime; custom_padding=\u00a0\u00bb||9px|||\u00a0\u00bb]<\/p>\n<p><span data-contrast=\"none\" class=\"TextRun SCXW98442120 BCX0\"><span class=\"NormalTextRun SCXW98442120 BCX0\">En collaboration avec d&rsquo;autres parties prenantes, elle a \u00e9labor\u00e9 une proposition parlementaire sur le projet de loi relatif \u00e0 la violence fond\u00e9e sur le genre et au f\u00e9minicide.<\/span><\/span><\/p>\n<p>[\/et_pb_text][et_pb_text _builder_version=\u00a0\u00bb4.27.0&Prime; _module_preset=\u00a0\u00bbdefault\u00a0\u00bb text_text_color=\u00a0\u00bb#2E3856&Prime; text_font_size=\u00a0\u00bb20px\u00a0\u00bb header_2_text_color=\u00a0\u00bb#2E3856&Prime; global_colors_info=\u00a0\u00bb{}\u00a0\u00bb theme_builder_area=\u00a0\u00bbpost_content\u00a0\u00bb text_font=\u00a0\u00bb&#8211;et_global_body_font||||||||\u00a0\u00bb text_orientation=\u00a0\u00bbcenter\u00a0\u00bb text_line_height=\u00a0\u00bb1.4em\u00a0\u00bb hover_enabled=\u00a0\u00bb0&Prime; sticky_enabled=\u00a0\u00bb0&Prime;]<\/p>\n<p><span data-contrast=\"none\" class=\"TextRun SCXW88707296 BCX0\"><span class=\"NormalTextRun SCXW88707296 BCX0\">Contribution au protocole de sant\u00e9 num\u00e9rique du NDoH sur les services num\u00e9riques d&rsquo;autogestion de la sant\u00e9 sexuelle et reproductive, y compris l&rsquo;interruption m\u00e9dicale de grossesse.<\/span><\/span><\/p>\n<p>[\/et_pb_text][\/et_pb_column][et_pb_column _builder_version=\u00a0\u00bb4.27.0&Prime; _module_preset=\u00a0\u00bbdefault\u00a0\u00bb type=\u00a0\u00bb1_4&Prime; theme_builder_area=\u00a0\u00bbpost_content\u00a0\u00bb background_color=\u00a0\u00bb#e2e2e2&Prime; custom_padding=\u00a0\u00bb20px|20px|20px|20px|true|true\u00a0\u00bb][et_pb_text _builder_version=\u00a0\u00bb4.27.0&Prime; _module_preset=\u00a0\u00bbdefault\u00a0\u00bb theme_builder_area=\u00a0\u00bbpost_content\u00a0\u00bb hover_enabled=\u00a0\u00bb0&Prime; sticky_enabled=\u00a0\u00bb0&Prime; header_2_text_color=\u00a0\u00bb#2E3856&Prime; header_2_font_size=\u00a0\u00bb36px\u00a0\u00bb header_2_text_align=\u00a0\u00bbcenter\u00a0\u00bb]<\/p>\n<h2>En Zambie<\/h2>\n<p>[\/et_pb_text][et_pb_number_counter title=\u00a0\u00bbDes avortements s\u00fbrs ont \u00e9t\u00e9 soutenus\u00a0\u00bb number=\u00a0\u00bb57,000&Prime; percent_sign=\u00a0\u00bboff\u00a0\u00bb _builder_version=\u00a0\u00bb4.27.0&Prime; _module_preset=\u00a0\u00bbdefault\u00a0\u00bb title_font=\u00a0\u00bb&#8211;et_global_heading_font|700|||||||\u00a0\u00bb title_text_color=\u00a0\u00bb#000000&Prime; title_font_size=\u00a0\u00bb20px\u00a0\u00bb global_colors_info=\u00a0\u00bb{}\u00a0\u00bb theme_builder_area=\u00a0\u00bbpost_content\u00a0\u00bb number_font_size=\u00a0\u00bb60px\u00a0\u00bb hover_enabled=\u00a0\u00bb0&Prime; sticky_enabled=\u00a0\u00bb0&Prime;][\/et_pb_number_counter][et_pb_number_counter title=\u00a0\u00bbLes femmes ont b\u00e9n\u00e9fici\u00e9 d&#039;une contraception moderne avec notre soutien\u00a0\u00bb number=\u00a0\u00bb70,000&Prime; percent_sign=\u00a0\u00bboff\u00a0\u00bb _builder_version=\u00a0\u00bb4.27.0&Prime; _module_preset=\u00a0\u00bbdefault\u00a0\u00bb title_font=\u00a0\u00bb&#8211;et_global_heading_font|700|||||||\u00a0\u00bb title_text_color=\u00a0\u00bb#000000&Prime; title_font_size=\u00a0\u00bb20px\u00a0\u00bb global_colors_info=\u00a0\u00bb{}\u00a0\u00bb theme_builder_area=\u00a0\u00bbpost_content\u00a0\u00bb number_font_size=\u00a0\u00bb60px\u00a0\u00bb hover_enabled=\u00a0\u00bb0&Prime; sticky_enabled=\u00a0\u00bb0&Prime;][\/et_pb_number_counter][et_pb_number_counter title=\u00a0\u00bbLes prestataires de services d&#039;avortement form\u00e9s en vertu de la loi sur les infirmi\u00e8res et les sages-femmes (Nurses and Midwives Act)\u00a0\u00bb number=\u00a0\u00bb96,000&Prime; percent_sign=\u00a0\u00bboff\u00a0\u00bb _builder_version=\u00a0\u00bb4.27.0&Prime; _module_preset=\u00a0\u00bbdefault\u00a0\u00bb title_font=\u00a0\u00bb&#8211;et_global_heading_font|700|||||||\u00a0\u00bb title_text_color=\u00a0\u00bb#000000&Prime; title_font_size=\u00a0\u00bb20px\u00a0\u00bb global_colors_info=\u00a0\u00bb{}\u00a0\u00bb theme_builder_area=\u00a0\u00bbpost_content\u00a0\u00bb number_font_size=\u00a0\u00bb60px\u00a0\u00bb hover_enabled=\u00a0\u00bb0&Prime; sticky_enabled=\u00a0\u00bb0&Prime;][\/et_pb_number_counter][et_pb_text _builder_version=\u00a0\u00bb4.27.0&Prime; _module_preset=\u00a0\u00bbdefault\u00a0\u00bb text_text_color=\u00a0\u00bb#2E3856&Prime; text_font_size=\u00a0\u00bb20px\u00a0\u00bb header_2_text_color=\u00a0\u00bb#2E3856&Prime; global_colors_info=\u00a0\u00bb{}\u00a0\u00bb theme_builder_area=\u00a0\u00bbpost_content\u00a0\u00bb text_font=\u00a0\u00bb&#8211;et_global_body_font||||||||\u00a0\u00bb text_orientation=\u00a0\u00bbcenter\u00a0\u00bb text_line_height=\u00a0\u00bb1.4em\u00a0\u00bb hover_enabled=\u00a0\u00bb0&Prime; sticky_enabled=\u00a0\u00bb0&Prime;]<\/p>\n<p><span data-contrast=\"none\" class=\"TextRun SCXW45740764 BCX0\"><span class=\"NormalTextRun SCXW45740764 BCX0\">Collaboration avec le minist\u00e8re de la sant\u00e9 de Zambie pour <\/span><span class=\"NormalTextRun SCXW45740764 BCX0\">d\u00e9velopper un programme standardis\u00e9 de soins <\/span><span class=\"NormalTextRun SCXW45740764 BCX0\">de soins en cas d&rsquo;avortement<\/span><span class=\"NormalTextRun SCXW45740764 BCX0\">.<\/span><\/span><span class=\"EOP SCXW45740764 BCX0\" data-ccp-props=\"{\"201341983\":0,\"335551550\":6,\"335551620\":6,\"335559739\":15,\"335559740\":270}\"> <\/span><\/p>\n<p>[\/et_pb_text][\/et_pb_column][\/et_pb_row][\/et_pb_section]<\/p>\n","protected":false},"excerpt":{"rendered":"<p>Am\u00e9liorer les voies d&rsquo;acc\u00e8s aux soins en mati\u00e8re d&rsquo;avortementLes femmes, les jeunes filles et toutes les personnes susceptibles de tomber enceintes ont droit \u00e0 des soins de qualit\u00e9 en mati\u00e8re d&rsquo;avortement. Ipas s&rsquo;associe aux gouvernements nationaux pour former les prestataires de soins de sant\u00e9 \u00e0 des soins d&rsquo;avortement centr\u00e9s sur la femme, y compris la [&hellip;]<\/p>\n","protected":false},"author":2,"featured_media":0,"parent":0,"menu_order":0,"comment_status":"closed","ping_status":"closed","template":"","meta":{"_et_pb_use_builder":"on","_et_pb_old_content":"","_et_gb_content_width":"","inline_featured_image":false,"footnotes":""},"class_list":["post-598","page","type-page","status-publish","hentry"],"_links":{"self":[{"href":"https:\/\/ipasasr.org\/fr\/wp-json\/wp\/v2\/pages\/598","targetHints":{"allow":["GET"]}}],"collection":[{"href":"https:\/\/ipasasr.org\/fr\/wp-json\/wp\/v2\/pages"}],"about":[{"href":"https:\/\/ipasasr.org\/fr\/wp-json\/wp\/v2\/types\/page"}],"author":[{"embeddable":true,"href":"https:\/\/ipasasr.org\/fr\/wp-json\/wp\/v2\/users\/2"}],"replies":[{"embeddable":true,"href":"https:\/\/ipasasr.org\/fr\/wp-json\/wp\/v2\/comments?post=598"}],"version-history":[{"count":0,"href":"https:\/\/ipasasr.org\/fr\/wp-json\/wp\/v2\/pages\/598\/revisions"}],"wp:attachment":[{"href":"https:\/\/ipasasr.org\/fr\/wp-json\/wp\/v2\/media?parent=598"}],"curies":[{"name":"wp","href":"https:\/\/api.w.org\/{rel}","templated":true}]}}